{"id":1582,"date":"2014-02-20T13:15:53","date_gmt":"2014-02-20T12:15:53","guid":{"rendered":"http:\/\/ri.eurotel.pl\/?page_id=1582"},"modified":"2020-09-11T15:13:59","modified_gmt":"2020-09-11T13:13:59","slug":"rada-nadzorcza","status":"publish","type":"page","link":"https:\/\/ri.eurotel.pl\/en\/rada-nadzorcza\/","title":{"rendered":"Rada Nadzorcza"},"content":{"rendered":"<div class=\"row\">\n<div class=\"col-md-12\">\n<p>Korzystaj\u0105c z uprawnie\u0144 za\u0142o\u017cycielskich wynikaj\u0105cych z odpowiednich zapis\u00f3w Statutu Sp\u00f3\u0142ki oraz Uchwa\u0142y nr 13 podj\u0119tej przez Zwyczajne Walne Zgromadzenie w dniu 17 maja 2017 roku sk\u0142ad Rady Nadzorczej od dnia 17 maja 2017 r., wynosz\u0105cy 5 os\u00f3b, przedstawia si\u0119\u0328 nast\u0119puj\u0105co:<\/p>\n<\/div>\n<div class=\"col-md-1\">\n<img loading=\"lazy\" class=\"alignnone size-full wp-image-137\" src=\"\/\/ri.eurotel.pl\/wp-content\/uploads\/2014\/02\/unknow.png\" alt=\"unknow\" width=\"65\" height=\"54\" \/>\n<\/div>\n<div class=\"col-md-11\">\n<h2>Krzysztof P\u0142achta<\/h2>\n<h3>Przewodnicz\u0105cy Rady Nadzorczej<\/h3>\n<p>Pan Krzysztof P\u0142achta urodzi\u0142 si\u0119 w 1959 roku. W 1984 roku uko\u0144czy\u0142 studia z zakresu transportu morskiego na Wydziale Nawigacyjnym w Wy\u017cszej Szkole Morskiej w Gdyni.<br \/>\nJest absolwentem Master of Business Administration (MBA) na Uniwersytecie Gda\u0144skim w 1999. W latach 1999-2000 studia podyplomowe o specjalno\u015bci szacowania nieruchomo\u015bciami organizowane na Wydziale Geodezji i Gospodarki Przestrzennej Uniwersytetu Warmi\u0144sko-Mazurskiego. Obroni\u0142 dwa pa\u0144stwowe egzaminy uprawniaj\u0105ce do wykonywania zawodu rzeczoznawcy maj\u0105tkowego i maklera papier\u00f3w warto\u015bciowych.<\/p>\n<div class='dropdown_box '>\n\t<a href=\"#\" class=\"showmore\">\n\t\t<span class='view_modifier hide' data-show=\"Poka\u017c\" data-hide=\"\">Poka\u017c<\/span> Czytaj wi\u0119cej\t<\/a>\n\t<div class=\"inner_text hide\">\n\t\t<p>Od 1982 roku przez 10 lat pracowa\u0142 jako oficer na statkach handlowych Polskich Linii Oceanicznych, a potem zajmowa\u0142 stanowiska oficerskie na jednostkach zagranicznych armator\u00f3w. Kariera zawodowa Krzysztofa P\u0142achty od ostatnich kilkunastu lat zwi\u0105zana jest z zagadnieniami finansowymi oraz zarz\u0105dzaniem przedsi\u0119biorstwem. By\u0142 Dyrektorem Oddzia\u0142u Domu Maklerskiego PENETRATOR S.A. (pa\u017adziernik 1995 &#8211; stycze\u0144 2004, maj 2004 \u2013 kwiecie\u0144 2006), a przez kilkana\u015bcie miesi\u0119cy sprawowa\u0142 funkcj\u0119 Prezesa Zarz\u0105du Domu Maklerskiego PENETRATOR S.A. (stycze\u01442004 \u2013 kwiecie\u01442004). W latach 1998 -2003 r. by\u0142 cz\u0142onkiem Rady Nadzorczej BOMI S.A.<br \/>\nOd maja 2006 r. do marca 2007 r. w EUROTEL S.A. pracowa\u0142 jako Prezes Zarz\u0105du, natomiast w 2010 roku zosta\u0142 wybrany na jej Przewodnicz\u0105cego Rady Nadzorczej.<br \/>\nW maju 2007 r. nawi\u0105za\u0142 wsp\u00f3\u0142prac\u0119 z \u201ePlejada\u201d Towarzystwem Funduszy Inwestycyjnych S.A., gdzie przez kilka miesi\u0119cy by\u0142 Wiceprezesem, a od listopada 2007 roku do chwili obecnej zajmuje stanowisko Prezesa Zarz\u0105du.<br \/>\nPan Krzysztof P\u0142achta od pa\u017adziernika 2006 r. pe\u0142ni funkcj\u0119Przewodnicz\u0105cego Rady Nadzorczej PolMed Sp. z o.o. w Starogardzie Gda\u0144skim, a od 2007 roku jest: Przewodnicz\u0105cym Rady Nadzorczej Business Angel Seedfund w Gda\u0144sku, Przewodnicz\u0105cym Rady Nadzorczej Transpolonia Sp. z o.o. w Tczewie, Cz\u0142onkiem Rady Nadzorczej BANKIER.PL SA we Wroc\u0142awiu, Cz\u0142onkiem Rady Nadzorczej Sovereign Capital SA w Warszawie.<br \/>\nPan Krzysztof P\u0142achta jest niezale\u017cnym cz\u0142onkiem Rady Nadzorczej, gdy\u017c zasiada\u0142 w organach Sp\u00f3\u0142ki ponad 5 lat temu.<br \/>\nPan Krzysztof P\u0142achta nie jest akcjonariuszem Sp\u00f3\u0142ki. Dzia\u0142alno\u015b\u0107 Pana Krzysztofa P\u0142achty w innych podmiotach nie jest dzia\u0142alno\u015bci\u0105 konkurencyjn\u0105 w stosunku do Eurotel SA.<\/p>\n\t<\/div>\n<\/div>\n\n<\/div>\n<\/div>\n<div class=\"row\">\n<div class=\"col-md-1\"><img loading=\"lazy\" class=\"alignnone size-full wp-image-138\" src=\"\/\/ri.eurotel.pl\/wp-content\/uploads\/2014\/02\/unknow-2.png\" alt=\"unknow-2\" width=\"65\" height=\"54\" \/><\/div>\n<div class=\"col-md-11\">\n<h2>Jacek Foltarz<\/h2>\n<h3>Wiceprzewodnicz\u0105cy Rady Nadzorczej<\/h3>\n<p>Pan Jacek Foltarz urodzi\u0142 si\u0119 w 1964 roku. Zdobywa\u0142 do\u015bwiadczenie zawodowe od 1992 roku jako wsp\u00f3\u0142w\u0142a\u015bciciel firmy MAW Telecom Gda\u0144sk S.C. W latach 1997 &#8211; 1999 by\u0142 udzia\u0142owcem w MAW Telecom Gda\u0144sk Sp. z o.o. Firma zajmowa\u0142a si\u0119 dystrybucj\u0105 sprz\u0119tu telekomunikacyjnego Panasonic i Motorola, a tak\u017ce by\u0142a autoryzowanym przedstawicielem operatora analogowej telefonii kom\u00f3rkowej PTK Centertel.<\/p>\n<div class='dropdown_box '>\n\t<a href=\"#\" class=\"showmore\">\n\t\t<span class='view_modifier hide' data-show=\"Poka\u017c\" data-hide=\"\">Poka\u017c<\/span> Czytaj wi\u0119cej\t<\/a>\n\t<div class=\"inner_text hide\">\n\t\t<p>Pan Jacek Foltarz jest komandytariuszem w sp\u00f3\u0142ce Fogel. Jest r\u00f3wnie\u017c prezesem i udzia\u0142owcem FM Investment Sp. z o.o. z siedzib\u0105 w Gdyni. W latach 2001-2006 pe\u0142ni\u0142 funkcj\u0119 cz\u0142onka zarz\u0105du w Eurotel Sp. z o.o., a od 1.06.2006 r. jest Wiceprzewodnicz\u0105cym jej Rady Nadzorczej.<br \/>\nDzia\u0142alno\u015b\u0107 zawodowa nie jest w konflikcie w funkcjami w Radzie Nadzorczej i nie jest konkurencyjna dla Eurotel SA.. Pan Jacek Foltarz jest zale\u017cnym Cz\u0142onkiem Rady Nadzorczej, gdy\u017c posiada uprawnienia za\u0142o\u017cycielskie i znacz\u0105cy pakiet akcji Sp\u00f3\u0142ki.<\/p>\n\t<\/div>\n<\/div>\n\n<\/div>\n<\/div>\n<div class=\"row\">\n<div class=\"col-md-1\"><img loading=\"lazy\" class=\"alignnone size-full wp-image-139\" src=\"\/\/ri.eurotel.pl\/wp-content\/uploads\/2014\/02\/unknow-3.png\" alt=\"unknow-3\" width=\"65\" height=\"54\" \/><\/div>\n<div class=\"col-md-11\">\n<h2>Marek Parnowski<\/h2>\n<h3>Cz\u0142onek Rady Nadzorczej<\/h3>\n<p>Pan Marek Parnowski ma 57 lat . Posiada wykszta\u0142cenie \u015brednie zawodowe. W 1976 roku uko\u0144czy\u0142 Policealne Techniczne Studium Zawodowe Szko\u0142y Budownictwa Okr\u0119towego.<\/p>\n<div class='dropdown_box '>\n\t<a href=\"#\" class=\"showmore\">\n\t\t<span class='view_modifier hide' data-show=\"Poka\u017c\" data-hide=\"\">Poka\u017c<\/span> Czytaj wi\u0119cej\t<\/a>\n\t<div class=\"inner_text hide\">\n\t\t<p>\nDo\u015bwiadczenie zdobywa\u0142 pracuj\u0105c w latach 1977-1984 w Fabryce Urz\u0105dze\u0144 Okr\u0119towych w Rumi jako technolog. Od lutego 1984 roku do grudnia 1994 roku prowadzi\u0142 w\u0142asn\u0105 dzia\u0142alno\u015b\u0107 gospodarcz\u0105 \u2013 transport osobowy. Od 1 marca 1994 roku do 31 maja 2001 roku zatrudniony by\u0142 w firmie \u201eMartel\u201d zajmuj\u0105cej si\u0119 handlem sprz\u0119tem telekomunikacyjnym oraz us\u0142ugami zwi\u0105zanymi z instalacjami i serwisem telekomunikacyjnym. Pocz\u0105tkowo zatrudniony jako dyrektor sprzeda\u017cy, a od wrze\u015bnia 1996 roku zosta\u0142 dyrektorem handlowym odpowiedzialnym za kompleksowy rozw\u00f3j i utrzymanie punkt\u00f3w sprzeda\u017cy \u00f3wczesnego operatora Era. W okresie od czerwca 2001 roku do maja 2002 roku by\u0142 udzia\u0142owcem i pracowa\u0142 w sp\u00f3\u0142ce \u201eTele-Net\u201d Sp. z o.o. z siedzib\u0105w Gda\u0144sku na stanowisku dyrektora \u2013 Cz\u0142onka Zarz\u0105du. W latach 2002 \u2013 2006 pracowa\u0142 w Eurotel Sp. z o.o. z siedzib\u0105 w Gda\u0144sku na stanowisku dyrektora \u2013 Cz\u0142onka Zarz\u0105du.<br \/>\nOd 1 czerwca 2006 roku zosta\u0142 cz\u0142onkiem Zarz\u0105du Eurotel SA i piastowa\u0142 to stanowisko do dnia 31 sierpnia 2009 roku.<br \/>\nPan Marek Parnowski posiada akcje Eurotel SA w ilo\u015bci poni\u017cej 5%. Nie jest powi\u0105zany z \u017cadn\u0105 os\u00f3b z Zarz\u0105du.<br \/>\nPan Marek Parnowski nie jest powi\u0105zany z \u017cadn\u0105 firm\u0105 zewn\u0119trzn\u0105, kt\u00f3ra jest konkurencyjna dla dzia\u0142alno\u015bci Emitenta.<br \/>\nPan Marek Parnowski nie by\u0142 skazany wyrokiem s\u0105du z tytu\u0142u prowadzenia dzia\u0142alno\u015bci gospodarczej. Nie mia\u0142y r\u00f3wnie\u017c miejsca przypadki upad\u0142o\u015bci, zarz\u0105du komisarycznego ani likwidacji w odniesieniu do podmiot\u00f3w, w kt\u00f3rych Pan Marek Parnowski pe\u0142ni\u0142 w tym czasie funkcje cz\u0142onka organ\u00f3w tych sp\u00f3\u0142ek, a tak\u017ce w kt\u00f3rych by\u0142 osob\u0105 zarz\u0105dzaj\u0105c\u0105 wy\u017cszego szczebla w ostatnich 5 latach.<br \/>\nNie mia\u0142y miejsca oficjalne oskar\u017cenia publiczne ani sankcje w stosunku do Pana Marka Parnowskiego ze strony organ\u00f3w ustawowych ani regulacyjnych. Pan Marek Parnowski nie otrzyma\u0142 r\u00f3wnie\u017c s\u0105dowego zakazu dzia\u0142ania lub uczestniczenia w zarz\u0105dzaniu czy nadzorze. Nie jest r\u00f3wnie\u017c wpisany w Rejestrze D\u0142u\u017cnik\u00f3w Niewyp\u0142acalnych prowadzonym na podstawie ustawy o KRS. Pan Marek Parnowski jest cz\u0142onkiem niezale\u017cnym RN na podstawie o\u015bwiadczenia.<\/p>\n\t<\/div>\n<\/div>\n\n<\/div>\n<\/div>\n<div class=\"row\">\n<div class=\"col-md-1\"><img loading=\"lazy\" class=\"alignnone size-full wp-image-140\" src=\"\/\/ri.eurotel.pl\/wp-content\/uploads\/2014\/02\/unknow-4.png\" alt=\"unknow-4\" width=\"65\" height=\"54\" \/><\/div>\n<div class=\"col-md-11\">\n<h2>Jacek Struk<\/h2>\n<h3>Cz\u0142onek Rady Nadzorczej<\/h3>\n<p>Pan Jacek Struk \u2013 zosta\u0142 powo\u0142any przez Pana Tomasza Basi\u0144skiego, korzystaj\u0105cego ze swoich uprawnie\u0144 za\u0142o\u017cycielskich \u2013 jest cz\u0142onkiem niezale\u017cnym. Pan Jacek Struk urodzi\u0142 si\u0119 10 grudnia 1967 roku w Gda\u0144sku.<\/p>\n<div class='dropdown_box '>\n\t<a href=\"#\" class=\"showmore\">\n\t\t<span class='view_modifier hide' data-show=\"Poka\u017c\" data-hide=\"\">Poka\u017c<\/span> Czytaj wi\u0119cej\t<\/a>\n\t<div class=\"inner_text hide\">\n\t\t<p>\nWykszta\u0142cenie:<br \/>\n1987 &#8211; 1992 Uniwersytet Gda\u0144ski, magister ekonomii<\/p>\n<p>Kursy:<br \/>\nDoradztwo Podatkowe ( Stowarzyszenie Ksi\u0119gowych )<br \/>\nNowoczesne Zarz\u0105dzanie Finansowe ( Francuski Instytut Zarz\u0105dzania )<br \/>\nAnaliza Finansowa ( Francuski Instytut Zarz\u0105dzania )<br \/>\nMi\u0119dzynarodowe Standardy Sprawozdawczo\u015bci Finansowej ( Business Training Centre )<\/p>\n<p>Do\u015bwiadczenie zawodowe:<br \/>\n2003 &#8211; Amitech Poland Sp. z o.o. ( chemia budowlana ) Gda\u0144sk Dyrektor Finansowy, prokurent<br \/>\n2002 &#8211; 2003 Amitech Poland Sp. z o.o. ( chemia budowlana ) Gda\u0144sk Prezes Zarz\u0105du, Dyrektor Finansowy<br \/>\n1999 &#8211; 2002 LFO Sp. z o.o. ( farmaceutyka) Warszawa Dyrektor Finansowy<br \/>\n1997 &#8211; 1999 Elterix S.A. ( telekomunikacja) Gda\u0144sk Dyrektor Finansowy<\/p>\n<p>Pan Jacek Struk nie jest powi\u0105zany z \u017cadn\u0105 os\u00f3b zarz\u0105dzaj\u0105cych lub nadzoruj\u0105cych oraz nie prowadzi dzia\u0142alno\u015bci b\u0119d\u0105cej konkurencyjn\u0105 w stosunku do Sp\u00f3\u0142ki. Pan Jacek Struk nie jest wpisany do Rejestru D\u0142u\u017cnik\u00f3w Niewyp\u0142acalnych (na podst. Ust. z dnia 20 sierpnia 1997 roku o Krajowym Rejestrze S\u0105dowym).\u00a0Pan Jacek Struk\u00a0jest cz\u0142onkiem niezale\u017cnym RN na podstawie o\u015bwiadczenia. Pan Jacek Struk zosta\u0142 wybrany przez \u00a0RN do reprezentowania RN w sprawach zwi\u0105zanych z zatrudnianiem Zarz\u0105du.<\/p>\n\t<\/div>\n<\/div>\n\n<\/div>\n<\/div>\n<div class=\"row\">\n<div class=\"col-md-1\"><img loading=\"lazy\" class=\"alignnone size-full wp-image-141\" src=\"\/\/ri.eurotel.pl\/wp-content\/uploads\/2014\/02\/unknow-5.png\" alt=\"unknow-5\" width=\"65\" height=\"54\" \/><\/div>\n<div class=\"col-md-11\">\n<h2>Remigiusz Paszkiewicz<\/h2>\n<h3>Cz\u0142onek Rady Nadzorczej<\/h3>\n<p>Pan Remigiusz Paszkiewicz urodzi\u0142 si\u0119 w 1970 roku. Uko\u0144czy\u0142 Politechnik\u0119 Warszawsk\u0105, studium doktoranckie w SGH w Warszawie oraz liczne krajowe jak i zagraniczne podyplomowe studia z zakresu biznesu i finans\u00f3w. Sprawowa\u0142 wiele funkcji zarz\u0105dczych i nadzorczych w og\u00f3lnopolskich sp\u00f3\u0142kach prywatnych jak i pa\u0144stwowych. Zosta\u0142 zg\u0142oszony przez udzia\u0142owca znacz\u0105cego PKO TFI jako niezale\u017cny cz\u0142onek Rady Nadzorczej.<\/p>\n<p><span style=\"line-height: 1.5;\"><div class='dropdown_box '>\n\t<a href=\"#\" class=\"showmore\">\n\t\t<span class='view_modifier hide' data-show=\"Poka\u017c\" data-hide=\"\">Poka\u017c<\/span> Czytaj wi\u0119cej\t<\/a>\n\t<div class=\"inner_text hide\">\n\t\t<p><\/span><\/p>\n<p>Do\u015bwiadczenie zawodowe:<br \/>\n04.2012 &#8211; 04.2015 PKP Polskie Linie Kolejowe S.A. \u2013 Prezes Zarz\u0105du<br \/>\n07.2010 &#8211; 04.2012 Anwil S.A. \u2013 Prezes Zarz\u0105du,<br \/>\n01.2009 \u2013 () \u2013 Cz\u0142onek Zarz\u0105du, Dyrektor ds. Organizacji i Grupy Kapita\u0142owej<br \/>\n10.2008 &#8211; 12.2008 Inowroc\u0142awskie Kopalnie Soli Solino S.A. \u2013 p.o. Prezesa Zarz\u0105du<br \/>\n09.2007 &#8211; 12.2008 PKN Orlen S.A. \u2013 Dyrektor Biura ds. Unipetrolu<br \/>\n04.2007 &#8211; 09.2007 PKN Orlen S.A. \u2013 Z-ca Dyrektora Biura Grupy Kapita\u0142owej<br \/>\n05.2007 &#8211; 01.2009 Unipetrol Trade a.s. \u2013 Wiceprzewodnicz\u0105cy Zarz\u0105du<br \/>\n07.2007 &#8211; 03.2009 ORLEN Finance AB \u2013 Cz\u0142onek Zarz\u0105du,<br \/>\n06.2001 &#8211; 04.2007 Narodowy Bank Polsk \u2013 Dyrektor Gabinetu Prezesa<br \/>\n04.1996 &#8211; 05.2001 Ministerstwo Finans\u00f3w \u2013 Dyrektor Biura Ministra<\/p>\n<p>Pe\u0142nione funkcje<br \/>\n1999-2001 &#8211; NAFTOBAZY Sp. z o.o. \u2013 Wiceprzewodnicz\u0105cy Rady Nadzorczej<br \/>\n2006-2007 &#8211; BAZY I SYSTEMY BANKOWE Sp. z o.o. \u2013 Wiceprzewodnicz\u0105cy Rady Nadzorczej<br \/>\n2008 &#8211; Narodowe Centrum Sportu Sp. z o.o. \u2013 Cz\u0142onek Rady Nadzorczej<\/p>\n<p>Wykszta\u0142cenie<br \/>\n2004 \u2013 JFK School of Government (Innovation and Technology Seminar), Harvard University<br \/>\n1997 &#8211; 1999 \u2013 Szko\u0142a G\u0142\u00f3wna Handlowa, studium doktoranckie<br \/>\n1996 &#8211; 1997 \u2013 Kolegium Europejskie w Natolinie<br \/>\n1994 &#8211; 1996 \u2013 Krajowa Szko\u0142a Administracji Publicznej<br \/>\n1989 &#8211; 1994 \u2013 Politechnika Warszawska, studia magisterskie, in\u017cynieria \u015brodowiska i analiza ekonomiczna projekt\u00f3w z zakresu ochrony \u015brodowiska<\/p>\n<p>Pan Remigiusz Paszkiewicz\u00a0jest cz\u0142onkiem niezale\u017cnym RN na podstawie o\u015bwiadczenia.<\/p>\n\t<\/div>\n<\/div>\n<\/p>\n<hr \/>\n<p>Rada Nadzorcza posiada obecnie w swoim sk\u0142adzie 4 niezale\u017cnych cz\u0142onk\u00f3w, co wynika ze sposobu ich wybrania podczas Walnego Zgromadzenia Akcjonariuszy oraz na podstawie z\u0142o\u017conego przez nich o\u015bwiadczenia i jego weryfikacji przez Rad\u0119 Nadzorcz\u0105.<\/p>\n<p>W dniu 28 sierpnia 2020 roku zosta\u0142 powo\u0142any przez Rad\u0119 Nadzorcz\u0105 ze sk\u0142adu jej cz\u0142onk\u00f3w, trzyosobowy komitet audytu:<\/p>\n<p>Jacek Struk \u2013 przewodnicz\u0105cy (niezale\u017cny),<\/p>\n<p>Jacek Foltarz \u2013 cz\u0142onek komitetu audytu,<\/p>\n<p>Krzysztof P\u0142achta \u2013 cz\u0142onek komitetu audytu (niezale\u017cny).<\/p>\n<hr \/>\n<p><a href=\"https:\/\/ri.eurotel.pl\/wp-content\/uploads\/2020\/03\/Sprawozdania-Rady-Nadzorczej-za-2019-1.pdf\" class=\"mtli_attachment mtli_pdf\" data-mtli=\"mtli_filesize516kB\">Sprawozdania Rady Nadzorczej za 2019 (1)<\/a><\/p>\n<p><a href=\"https:\/\/ri.eurotel.pl\/wp-content\/uploads\/2014\/02\/Ocena-sytuacji-Sp\u00f3\u0142ki-i-GK-11-4-2016.pdf\" class=\"mtli_attachment mtli_pdf\" data-mtli=\"mtli_filesize2848kB\" rel=\"\">Ocena sytuacji Sp\u00f3\u0142ki i GK-11 4 2016<\/a><\/p>\n<p><a href=\"https:\/\/ri.eurotel.pl\/wp-content\/uploads\/2014\/02\/Ocena-wype\u0142niania-obowi\u0105zk\u00f3w-informacyjnych-za-2015.pdf\" class=\"mtli_attachment mtli_pdf\" data-mtli=\"mtli_filesize2104kB\" rel=\"\">Ocena wype\u0142niania obowi\u0105zk\u00f3w informacyjnych za 2015<\/a><\/p>\n<p><a href=\"https:\/\/ri.eurotel.pl\/wp-content\/uploads\/2014\/02\/Sprawozdania-RN-z-wynik\u00f3w-oceny-sprawozda\u0144-ETL-i-GK-za-2015.pdf\" class=\"mtli_attachment mtli_pdf\" data-mtli=\"mtli_filesize3001kB\" rel=\"\">Sprawozdania RN z wynik\u00f3w oceny sprawozda\u0144 ETL i GK za 2015<\/a><\/p>\n<p><a href=\"https:\/\/ri.eurotel.pl\/wp-content\/uploads\/2014\/02\/Sprawozdanie-RN-ocena-wniosku-zarz\u0105du-odno\u015bnie-podzia\u0142u-zysku-za-2015.pdf\" class=\"mtli_attachment mtli_pdf\" data-mtli=\"mtli_filesize2014kB\" rel=\"\">Sprawozdanie RN &#8211; ocena wniosku zarz\u0105du odno\u015bnie podzia\u0142u zysku za 2015<\/a><\/p>\n<p><a href=\"https:\/\/ri.eurotel.pl\/wp-content\/uploads\/2014\/02\/Sprawozdanie-z-dzia\u0142alno\u015bci-Rady-Nadzorczej-za-2015.pdf\" class=\"mtli_attachment mtli_pdf\" data-mtli=\"mtli_filesize3622kB\" rel=\"\">Sprawozdanie z dzia\u0142alno\u015bci Rady Nadzorczej za 2015<\/a><\/p>\n<\/div>\n<\/div>\n<style type=\"text\/css\">a[data-mtli~=\"mtli_filesize516kB\"]:after {content:\" (51.6 kB)\"}a[data-mtli~=\"mtli_filesize2848kB\"]:after {content:\" (284.8 kB)\"}a[data-mtli~=\"mtli_filesize2104kB\"]:after {content:\" (210.4 kB)\"}a[data-mtli~=\"mtli_filesize3001kB\"]:after {content:\" (300.1 kB)\"}a[data-mtli~=\"mtli_filesize2014kB\"]:after {content:\" (201.4 kB)\"}a[data-mtli~=\"mtli_filesize3622kB\"]:after {content:\" (362.2 kB)\"}<\/style>","protected":false},"excerpt":{"rendered":"<p>Korzystaj\u0105c z uprawnie\u0144 za\u0142o\u017cycielskich wynikaj\u0105cych z odpowiednich zapis\u00f3w Statutu Sp\u00f3\u0142ki oraz Uchwa\u0142y nr 13 podj\u0119tej przez Zwyczajne Walne Zgromadzenie w dniu 17 maja 2017 roku sk\u0142ad Rady Nadzorczej od dnia 17 maja 2017 r., wynosz\u0105cy 5 os\u00f3b, przedstawia si\u0119\u0328 nast\u0119puj\u0105co: Krzysztof P\u0142achta Przewodnicz\u0105cy Rady Nadzorczej Pan Krzysztof P\u0142achta urodzi\u0142 si\u0119 w 1959 roku. W 1984 [&hellip;]<\/p>\n","protected":false},"author":1,"featured_media":0,"parent":0,"menu_order":0,"comment_status":"open","ping_status":"open","template":"","meta":[],"acf":[],"_links":{"self":[{"href":"https:\/\/ri.eurotel.pl\/en\/wp-json\/wp\/v2\/pages\/1582"}],"collection":[{"href":"https:\/\/ri.eurotel.pl\/en\/wp-json\/wp\/v2\/pages"}],"about":[{"href":"https:\/\/ri.eurotel.pl\/en\/wp-json\/wp\/v2\/types\/page"}],"author":[{"embeddable":true,"href":"https:\/\/ri.eurotel.pl\/en\/wp-json\/wp\/v2\/users\/1"}],"replies":[{"embeddable":true,"href":"https:\/\/ri.eurotel.pl\/en\/wp-json\/wp\/v2\/comments?post=1582"}],"version-history":[{"count":18,"href":"https:\/\/ri.eurotel.pl\/en\/wp-json\/wp\/v2\/pages\/1582\/revisions"}],"predecessor-version":[{"id":3179,"href":"https:\/\/ri.eurotel.pl\/en\/wp-json\/wp\/v2\/pages\/1582\/revisions\/3179"}],"wp:attachment":[{"href":"https:\/\/ri.eurotel.pl\/en\/wp-json\/wp\/v2\/media?parent=1582"}],"curies":[{"name":"wp","href":"https:\/\/api.w.org\/{rel}","templated":true}]}}